{"id":177,"date":"2020-05-12T05:27:52","date_gmt":"2020-05-12T05:27:52","guid":{"rendered":"http:\/\/www.t-nieuwe-rierink.nl\/?page_id=100"},"modified":"2020-06-29T16:42:43","modified_gmt":"2020-06-29T16:42:43","slug":"t-new-rierink-raconte","status":"publish","type":"page","link":"https:\/\/www.t-nieuwe-rierink.nl\/?page_id=177&lang=fr","title":{"rendered":"Le nouveau Rierink raconte&#8230;"},"content":{"rendered":"\n<p>Au cours des derniers si\u00e8cles, l\u2019eau du &#8216;Bolksbeek&#8217; et du &#8216;Schipbeek&#8217; a abondamment coul\u00e9 sur mes sols. Des digues ont perc\u00e9 et plusieurs Stokkumers sont morts par noyade. C\u2019est pour \u00e7a qu\u2019on l\u2019appelle &#8220;Le<em> Br\u00f4k&#8221; i<\/em>ci. Seuls quelques-uns ont os\u00e9 s\u2019installer ici, sur le Kooidijk. C\u2019\u00e9tait la seule route d\u00e9cente qui menait \u00e0 la cage de canard, qui pouvait survivre ici.&nbsp;<\/p>\n\n\n\n<div class=\"wp-block-media-text alignwide is-stacked-on-mobile is-vertically-aligned-center is-image-fill\" style=\"grid-template-columns:48% auto\"><figure class=\"wp-block-media-text__media\" style=\"background-image:url(http:\/\/www.t-nieuwe-rierink.nl\/wp-content\/uploads\/2020\/05\/Schermafbeelding-2020-05-11-om-11.34.25.png);background-position:50% 50%\"><img loading=\"lazy\" decoding=\"async\" width=\"451\" height=\"514\" src=\"http:\/\/www.t-nieuwe-rierink.nl\/wp-content\/uploads\/2020\/05\/Schermafbeelding-2020-05-11-om-11.34.25.png\" alt=\"Stokkumerbroek vers 1700\" class=\"wp-image-106\" srcset=\"https:\/\/www.t-nieuwe-rierink.nl\/wp-content\/uploads\/2020\/05\/Schermafbeelding-2020-05-11-om-11.34.25.png 451w, https:\/\/www.t-nieuwe-rierink.nl\/wp-content\/uploads\/2020\/05\/Schermafbeelding-2020-05-11-om-11.34.25-263x300.png 263w\" sizes=\"auto, (max-width: 451px) 100vw, 451px\" \/><\/figure><div class=\"wp-block-media-text__content\">\n<p class=\"has-small-font-size\"><em>Stokkumerbroek vers 1700<\/em><\/p>\n<\/div><\/div>\n\n\n\n<p>Mes premi\u00e8res pierres ont \u00e9t\u00e9 pos\u00e9es en 1860 par Jan Hendrik Nijmeyer et Arendina Hesselink. De nombreux amis et membres de leur famille les ont aid\u00e9s, tout comme leur fils william, \u00e2g\u00e9 de neuf ans. Quand mes fermes et mes premiers murs \u00e9taient en place, la famille Nijmeyer est venue \u00e0 leur nouvelle maison en cal\u00e8che.&nbsp;<\/p>\n\n\n\n<p>Le jeune William mourut \u00e0 l\u2019\u00e2ge de 26 ans, 3 ans apr\u00e8s la mort de son p\u00e8re.&nbsp;Sans enfant, sa veuve d\u00e9m\u00e9nagea \u00e0 Rijssen et Arendina remetta la ferme \u00e0 son fr\u00e8re Jan Harmen pour succ\u00e9der \u00e0 ma propri\u00e9t\u00e9.&nbsp;<\/p>\n\n\n\n<p>Le premier d\u2019une rang\u00e9e de descendants de la famille Hesselink a agrandi ma terre avec des parcelles de l\u2019ancien \u00abErve<em> Rie<\/em><em>rink\u00bb et ma <\/em>taille est devenue plus de 8 hectares.&nbsp;Le cheval de mon \u00e9curie a donc fait son travail sur mon terrain entour\u00e9 de belles r\u00e9serves naturelles et de plusieurs collines, comme le &#8216;Herikerberg&#8217; et le &#8216;Kattenberg&#8217;.&nbsp;<\/p>\n\n\n\n<p>Les temps difficiles m\u2019ont frapp\u00e9 au d\u00e9but du si\u00e8cle dernier, la crise des ann\u00e9es 1920 avait \u00e9clat\u00e9 et dans les pays environnants, c\u2019\u00e9tait la guerre. Mon peuple devenait de plus en plus dur. Le seul point lumineux a \u00e9t\u00e9 la construction du canal de Twente, qui, \u00e0 ma grande joie, a mis fin \u00e0 l\u2019inondation de mes sols.<\/p>\n\n\n\n<figure class=\"wp-block-image size-large\"><img loading=\"lazy\" decoding=\"async\" width=\"460\" height=\"345\" src=\"http:\/\/www.t-nieuwe-rierink.nl\/wp-content\/uploads\/2020\/05\/Afbeelding1.png\" alt=\"\" class=\"wp-image-104\" srcset=\"https:\/\/www.t-nieuwe-rierink.nl\/wp-content\/uploads\/2020\/05\/Afbeelding1.png 460w, https:\/\/www.t-nieuwe-rierink.nl\/wp-content\/uploads\/2020\/05\/Afbeelding1-300x225.png 300w\" sizes=\"auto, (max-width: 460px) 100vw, 460px\" \/><figcaption>Vue de &#8217;t Nieuwe Rierink de la prairie<\/figcaption><\/figure>\n\n\n\n<p>Dans les d\u00e9cennies qui ont suivi, l\u2019habitation de ma \u00ab Deel \u00bb (l&#8217;\u00e9table \u00e1 l&#8217;interieur la ferme) est pass\u00e9e des vaches aux porcs aux moutons, le cheval avait disparu de la vue en raison de la mont\u00e9e de la m\u00e9canisation et les mauvaises ann\u00e9es ont caus\u00e9 la vente des terres \u00e9loign\u00e9es. Il ne restait plus qu\u2019un petit deux acres&#8230; et la &#8220;Deel&#8221; \u00e9tait vide.&nbsp;<\/p>\n\n\n\n<p>Personne dans la famille n\u2019a repris la ferme du dernier Hesselink, afin que deux Occidentaux puissent s\u2019installer ici en 2015.&nbsp;<\/p>\n\n\n\n<p>Je n\u2019avais pas beaucoup confiance en elles au d\u00e9but, mais ce sont eux qui ont pris des chevaux, des chiens et des chats \u00e0 nouveau, de sorte qu\u2019il y avait plus que la vie humaine. Ann\u00e9e apr\u00e8s ann\u00e9e, ils ont travaill\u00e9 sur mon apparence o\u00f9 ils n\u2019ont pas oubli\u00e9 de montrer du respect pour mon histoire et la nature environnante.&nbsp;<\/p>\n\n\n\n<div class=\"wp-block-media-text alignwide has-media-on-the-right is-stacked-on-mobile is-vertically-aligned-top\" style=\"grid-template-columns:auto 27%\"><figure class=\"wp-block-media-text__media\"><img loading=\"lazy\" decoding=\"async\" width=\"247\" height=\"331\" src=\"http:\/\/www.t-nieuwe-rierink.nl\/wp-content\/uploads\/2020\/05\/Japie.png\" alt=\"Japie van 't Nieuwe Rierink\" class=\"wp-image-102\" srcset=\"https:\/\/www.t-nieuwe-rierink.nl\/wp-content\/uploads\/2020\/05\/Japie.png 247w, https:\/\/www.t-nieuwe-rierink.nl\/wp-content\/uploads\/2020\/05\/Japie-224x300.png 224w\" sizes=\"auto, (max-width: 247px) 100vw, 247px\" \/><\/figure><div class=\"wp-block-media-text__content\">\n<p class=\"has-text-align-left\">Presque tous les conif\u00e8res sont partis, les arbres malades ont \u00e9t\u00e9 d\u00e9frich\u00e9s et la plantation locale a \u00e9t\u00e9 mise dans le sol. Mon sol est encore plus purifi\u00e9 des d\u00e9chets qui avaient \u00e9t\u00e9 trou\u00e9s l\u00e0-haut et le rappel des sabots de cheval cr\u00e9e le bruit de la vie dans la cour. Le chant du coq le rend complet, je me sens la ferme \u00e0 nouveau.<\/p>\n\n\n\n<p class=\"has-text-align-right has-small-font-size\">Japie van &#8217;t Nieuwe Rierink<\/p>\n<\/div><\/div>\n\n\n\n<p>Au lieu de b\u00e9tail, les invit\u00e9s habitent maintenant ma \u00ab Deel \u00bb. Les odeurs de caf\u00e9 fra\u00eechement moulu et de pain fra\u00eechement cuit entourent mon treillis en bois et dominent celles des produits locaux, qui sont servis sur la table du petit d\u00e9jeuner. Les clients ont le luxe de beaucoup d\u2019espace \u00e0 l\u2019int\u00e9rieur et \u00e0 l\u2019ext\u00e9rieur, en particulier en raison de la belle nature qu\u2019ils peuvent profiter \u00e0 pied, \u00e0 cheval ou \u00e0 v\u00e9lo.<\/p>\n\n\n\n<div class=\"wp-block-media-text alignwide is-stacked-on-mobile\"><figure class=\"wp-block-media-text__media\"><img loading=\"lazy\" decoding=\"async\" width=\"1024\" height=\"768\" src=\"http:\/\/www.t-nieuwe-rierink.nl\/wp-content\/uploads\/2020\/02\/20200101_155610-1024x768.jpg\" alt=\"\" class=\"wp-image-22\" srcset=\"https:\/\/www.t-nieuwe-rierink.nl\/wp-content\/uploads\/2020\/02\/20200101_155610-1024x768.jpg 1024w, https:\/\/www.t-nieuwe-rierink.nl\/wp-content\/uploads\/2020\/02\/20200101_155610-300x225.jpg 300w, https:\/\/www.t-nieuwe-rierink.nl\/wp-content\/uploads\/2020\/02\/20200101_155610-768x576.jpg 768w, https:\/\/www.t-nieuwe-rierink.nl\/wp-content\/uploads\/2020\/02\/20200101_155610-1536x1152.jpg 1536w, https:\/\/www.t-nieuwe-rierink.nl\/wp-content\/uploads\/2020\/02\/20200101_155610-2048x1536.jpg 2048w, https:\/\/www.t-nieuwe-rierink.nl\/wp-content\/uploads\/2020\/02\/20200101_155610-1568x1176.jpg 1568w\" sizes=\"auto, (max-width: 767px) 89vw, (max-width: 1000px) 54vw, (max-width: 1071px) 543px, 580px\" \/><\/figure><div class=\"wp-block-media-text__content\">\n<p class=\"has-normal-font-size\">Soyez les bienvenus sous mon toit et faites l\u2019exp\u00e9rience de la tranquillit\u00e9 de &#8216;Stokkumerbroek&#8217;.<\/p>\n<\/div><\/div>\n\n\n\n<p><\/p>\n","protected":false},"excerpt":{"rendered":"<p>Au cours des derniers si\u00e8cles, l\u2019eau du &#8216;Bolksbeek&#8217; et du &#8216;Schipbeek&#8217; a abondamment coul\u00e9 sur mes sols. Des digues ont perc\u00e9 et plusieurs Stokkumers sont morts par noyade. C\u2019est pour \u00e7a qu\u2019on l\u2019appelle &#8220;Le Br\u00f4k&#8221; ici. Seuls quelques-uns ont os\u00e9 s\u2019installer ici, sur le Kooidijk. C\u2019\u00e9tait la seule route d\u00e9cente qui menait \u00e0 la cage &hellip; <\/p>\n<p class=\"link-more\"><a href=\"https:\/\/www.t-nieuwe-rierink.nl\/?page_id=177&#038;lang=fr\" class=\"more-link\">Lees verder <span class=\"screen-reader-text\">&#8220;Le nouveau Rierink raconte&#8230;&#8221;<\/span><\/a><\/p>\n","protected":false},"author":1,"featured_media":0,"parent":0,"menu_order":0,"comment_status":"closed","ping_status":"closed","template":"","meta":{"footnotes":""},"class_list":["post-177","page","type-page","status-publish","hentry"],"yoast_head":"<!-- This site is optimized with the Yoast SEO plugin v25.5 - https:\/\/yoast.com\/wordpress\/plugins\/seo\/ -->\n<title>Le nouveau Rierink raconte... - &#039;t Nieuwe Rierink<\/title>\n<meta name=\"robots\" content=\"index, follow, max-snippet:-1, max-image-preview:large, max-video-preview:-1\" \/>\n<link rel=\"canonical\" href=\"https:\/\/www.t-nieuwe-rierink.nl\/?page_id=177&lang=fr\" \/>\n<meta property=\"og:locale\" content=\"nl_NL\" \/>\n<meta property=\"og:type\" content=\"article\" \/>\n<meta property=\"og:title\" content=\"Le nouveau Rierink raconte... - &#039;t Nieuwe Rierink\" \/>\n<meta property=\"og:description\" content=\"Au cours des derniers si\u00e8cles, l\u2019eau du &#8216;Bolksbeek&#8217; et du &#8216;Schipbeek&#8217; a abondamment coul\u00e9 sur mes sols. Des digues ont perc\u00e9 et plusieurs Stokkumers sont morts par noyade. C\u2019est pour \u00e7a qu\u2019on l\u2019appelle &#8220;Le Br\u00f4k&#8221; ici. Seuls quelques-uns ont os\u00e9 s\u2019installer ici, sur le Kooidijk. C\u2019\u00e9tait la seule route d\u00e9cente qui menait \u00e0 la cage &hellip; Lees verder &quot;Le nouveau Rierink raconte&#8230;&quot;\" \/>\n<meta property=\"og:url\" content=\"https:\/\/www.t-nieuwe-rierink.nl\/?page_id=177&amp;lang=fr\" \/>\n<meta property=\"og:site_name\" content=\"&#039;t Nieuwe Rierink\" \/>\n<meta property=\"article:publisher\" content=\"https:\/\/www.facebook.com\/tnieuwerierink\" \/>\n<meta property=\"article:modified_time\" content=\"2020-06-29T16:42:43+00:00\" \/>\n<meta property=\"og:image\" content=\"http:\/\/www.t-nieuwe-rierink.nl\/wp-content\/uploads\/2020\/05\/Schermafbeelding-2020-05-11-om-11.34.25.png\" \/>\n<meta name=\"twitter:card\" content=\"summary_large_image\" \/>\n<meta name=\"twitter:label1\" content=\"Geschatte leestijd\" \/>\n\t<meta name=\"twitter:data1\" content=\"3 minuten\" \/>\n<script type=\"application\/ld+json\" class=\"yoast-schema-graph\">{\"@context\":\"https:\/\/schema.org\",\"@graph\":[{\"@type\":\"WebPage\",\"@id\":\"https:\/\/www.t-nieuwe-rierink.nl\/?page_id=177&lang=fr\",\"url\":\"https:\/\/www.t-nieuwe-rierink.nl\/?page_id=177&lang=fr\",\"name\":\"Le nouveau Rierink raconte... - &#039;t Nieuwe Rierink\",\"isPartOf\":{\"@id\":\"https:\/\/www.t-nieuwe-rierink.nl\/#website\"},\"primaryImageOfPage\":{\"@id\":\"https:\/\/www.t-nieuwe-rierink.nl\/?page_id=177&lang=fr#primaryimage\"},\"image\":{\"@id\":\"https:\/\/www.t-nieuwe-rierink.nl\/?page_id=177&lang=fr#primaryimage\"},\"thumbnailUrl\":\"http:\/\/www.t-nieuwe-rierink.nl\/wp-content\/uploads\/2020\/05\/Schermafbeelding-2020-05-11-om-11.34.25.png\",\"datePublished\":\"2020-05-12T05:27:52+00:00\",\"dateModified\":\"2020-06-29T16:42:43+00:00\",\"breadcrumb\":{\"@id\":\"https:\/\/www.t-nieuwe-rierink.nl\/?page_id=177&lang=fr#breadcrumb\"},\"inLanguage\":\"nl-NL\",\"potentialAction\":[{\"@type\":\"ReadAction\",\"target\":[\"https:\/\/www.t-nieuwe-rierink.nl\/?page_id=177&lang=fr\"]}]},{\"@type\":\"ImageObject\",\"inLanguage\":\"nl-NL\",\"@id\":\"https:\/\/www.t-nieuwe-rierink.nl\/?page_id=177&lang=fr#primaryimage\",\"url\":\"https:\/\/www.t-nieuwe-rierink.nl\/wp-content\/uploads\/2020\/05\/Schermafbeelding-2020-05-11-om-11.34.25.png\",\"contentUrl\":\"https:\/\/www.t-nieuwe-rierink.nl\/wp-content\/uploads\/2020\/05\/Schermafbeelding-2020-05-11-om-11.34.25.png\",\"width\":451,\"height\":514,\"caption\":\"Stokkumerbroek rond 1870\"},{\"@type\":\"BreadcrumbList\",\"@id\":\"https:\/\/www.t-nieuwe-rierink.nl\/?page_id=177&lang=fr#breadcrumb\",\"itemListElement\":[{\"@type\":\"ListItem\",\"position\":1,\"name\":\"Home\",\"item\":\"https:\/\/www.t-nieuwe-rierink.nl\/\"},{\"@type\":\"ListItem\",\"position\":2,\"name\":\"Le nouveau Rierink raconte&#8230;\"}]},{\"@type\":\"WebSite\",\"@id\":\"https:\/\/www.t-nieuwe-rierink.nl\/#website\",\"url\":\"https:\/\/www.t-nieuwe-rierink.nl\/\",\"name\":\"&#039;t Nieuwe Rierink\",\"description\":\"Bed and Breakfast voor mens &amp; paard\",\"publisher\":{\"@id\":\"https:\/\/www.t-nieuwe-rierink.nl\/#organization\"},\"potentialAction\":[{\"@type\":\"SearchAction\",\"target\":{\"@type\":\"EntryPoint\",\"urlTemplate\":\"https:\/\/www.t-nieuwe-rierink.nl\/?s={search_term_string}\"},\"query-input\":{\"@type\":\"PropertyValueSpecification\",\"valueRequired\":true,\"valueName\":\"search_term_string\"}}],\"inLanguage\":\"nl-NL\"},{\"@type\":\"Organization\",\"@id\":\"https:\/\/www.t-nieuwe-rierink.nl\/#organization\",\"name\":\"'t Nieuwe Rierink\",\"url\":\"https:\/\/www.t-nieuwe-rierink.nl\/\",\"logo\":{\"@type\":\"ImageObject\",\"inLanguage\":\"nl-NL\",\"@id\":\"https:\/\/www.t-nieuwe-rierink.nl\/#\/schema\/logo\/image\/\",\"url\":\"https:\/\/www.t-nieuwe-rierink.nl\/wp-content\/uploads\/2020\/07\/terras.jpg\",\"contentUrl\":\"https:\/\/www.t-nieuwe-rierink.nl\/wp-content\/uploads\/2020\/07\/terras.jpg\",\"width\":1365,\"height\":2048,\"caption\":\"'t Nieuwe Rierink\"},\"image\":{\"@id\":\"https:\/\/www.t-nieuwe-rierink.nl\/#\/schema\/logo\/image\/\"},\"sameAs\":[\"https:\/\/www.facebook.com\/tnieuwerierink\",\"https:\/\/www.instagram.com\/tnieuwerierink\/channel\/?hl=nl\"]}]}<\/script>\n<!-- \/ Yoast SEO plugin. -->","yoast_head_json":{"title":"Le nouveau Rierink raconte... - &#039;t Nieuwe Rierink","robots":{"index":"index","follow":"follow","max-snippet":"max-snippet:-1","max-image-preview":"max-image-preview:large","max-video-preview":"max-video-preview:-1"},"canonical":"https:\/\/www.t-nieuwe-rierink.nl\/?page_id=177&lang=fr","og_locale":"nl_NL","og_type":"article","og_title":"Le nouveau Rierink raconte... - &#039;t Nieuwe Rierink","og_description":"Au cours des derniers si\u00e8cles, l\u2019eau du &#8216;Bolksbeek&#8217; et du &#8216;Schipbeek&#8217; a abondamment coul\u00e9 sur mes sols. Des digues ont perc\u00e9 et plusieurs Stokkumers sont morts par noyade. C\u2019est pour \u00e7a qu\u2019on l\u2019appelle &#8220;Le Br\u00f4k&#8221; ici. Seuls quelques-uns ont os\u00e9 s\u2019installer ici, sur le Kooidijk. C\u2019\u00e9tait la seule route d\u00e9cente qui menait \u00e0 la cage &hellip; Lees verder \"Le nouveau Rierink raconte&#8230;\"","og_url":"https:\/\/www.t-nieuwe-rierink.nl\/?page_id=177&lang=fr","og_site_name":"&#039;t Nieuwe Rierink","article_publisher":"https:\/\/www.facebook.com\/tnieuwerierink","article_modified_time":"2020-06-29T16:42:43+00:00","og_image":[{"url":"http:\/\/www.t-nieuwe-rierink.nl\/wp-content\/uploads\/2020\/05\/Schermafbeelding-2020-05-11-om-11.34.25.png","type":"","width":"","height":""}],"twitter_card":"summary_large_image","twitter_misc":{"Geschatte leestijd":"3 minuten"},"schema":{"@context":"https:\/\/schema.org","@graph":[{"@type":"WebPage","@id":"https:\/\/www.t-nieuwe-rierink.nl\/?page_id=177&lang=fr","url":"https:\/\/www.t-nieuwe-rierink.nl\/?page_id=177&lang=fr","name":"Le nouveau Rierink raconte... - &#039;t Nieuwe Rierink","isPartOf":{"@id":"https:\/\/www.t-nieuwe-rierink.nl\/#website"},"primaryImageOfPage":{"@id":"https:\/\/www.t-nieuwe-rierink.nl\/?page_id=177&lang=fr#primaryimage"},"image":{"@id":"https:\/\/www.t-nieuwe-rierink.nl\/?page_id=177&lang=fr#primaryimage"},"thumbnailUrl":"http:\/\/www.t-nieuwe-rierink.nl\/wp-content\/uploads\/2020\/05\/Schermafbeelding-2020-05-11-om-11.34.25.png","datePublished":"2020-05-12T05:27:52+00:00","dateModified":"2020-06-29T16:42:43+00:00","breadcrumb":{"@id":"https:\/\/www.t-nieuwe-rierink.nl\/?page_id=177&lang=fr#breadcrumb"},"inLanguage":"nl-NL","potentialAction":[{"@type":"ReadAction","target":["https:\/\/www.t-nieuwe-rierink.nl\/?page_id=177&lang=fr"]}]},{"@type":"ImageObject","inLanguage":"nl-NL","@id":"https:\/\/www.t-nieuwe-rierink.nl\/?page_id=177&lang=fr#primaryimage","url":"https:\/\/www.t-nieuwe-rierink.nl\/wp-content\/uploads\/2020\/05\/Schermafbeelding-2020-05-11-om-11.34.25.png","contentUrl":"https:\/\/www.t-nieuwe-rierink.nl\/wp-content\/uploads\/2020\/05\/Schermafbeelding-2020-05-11-om-11.34.25.png","width":451,"height":514,"caption":"Stokkumerbroek rond 1870"},{"@type":"BreadcrumbList","@id":"https:\/\/www.t-nieuwe-rierink.nl\/?page_id=177&lang=fr#breadcrumb","itemListElement":[{"@type":"ListItem","position":1,"name":"Home","item":"https:\/\/www.t-nieuwe-rierink.nl\/"},{"@type":"ListItem","position":2,"name":"Le nouveau Rierink raconte&#8230;"}]},{"@type":"WebSite","@id":"https:\/\/www.t-nieuwe-rierink.nl\/#website","url":"https:\/\/www.t-nieuwe-rierink.nl\/","name":"&#039;t Nieuwe Rierink","description":"Bed and Breakfast voor mens &amp; paard","publisher":{"@id":"https:\/\/www.t-nieuwe-rierink.nl\/#organization"},"potentialAction":[{"@type":"SearchAction","target":{"@type":"EntryPoint","urlTemplate":"https:\/\/www.t-nieuwe-rierink.nl\/?s={search_term_string}"},"query-input":{"@type":"PropertyValueSpecification","valueRequired":true,"valueName":"search_term_string"}}],"inLanguage":"nl-NL"},{"@type":"Organization","@id":"https:\/\/www.t-nieuwe-rierink.nl\/#organization","name":"'t Nieuwe Rierink","url":"https:\/\/www.t-nieuwe-rierink.nl\/","logo":{"@type":"ImageObject","inLanguage":"nl-NL","@id":"https:\/\/www.t-nieuwe-rierink.nl\/#\/schema\/logo\/image\/","url":"https:\/\/www.t-nieuwe-rierink.nl\/wp-content\/uploads\/2020\/07\/terras.jpg","contentUrl":"https:\/\/www.t-nieuwe-rierink.nl\/wp-content\/uploads\/2020\/07\/terras.jpg","width":1365,"height":2048,"caption":"'t Nieuwe Rierink"},"image":{"@id":"https:\/\/www.t-nieuwe-rierink.nl\/#\/schema\/logo\/image\/"},"sameAs":["https:\/\/www.facebook.com\/tnieuwerierink","https:\/\/www.instagram.com\/tnieuwerierink\/channel\/?hl=nl"]}]}},"_links":{"self":[{"href":"https:\/\/www.t-nieuwe-rierink.nl\/index.php?rest_route=\/wp\/v2\/pages\/177","targetHints":{"allow":["GET"]}}],"collection":[{"href":"https:\/\/www.t-nieuwe-rierink.nl\/index.php?rest_route=\/wp\/v2\/pages"}],"about":[{"href":"https:\/\/www.t-nieuwe-rierink.nl\/index.php?rest_route=\/wp\/v2\/types\/page"}],"author":[{"embeddable":true,"href":"https:\/\/www.t-nieuwe-rierink.nl\/index.php?rest_route=\/wp\/v2\/users\/1"}],"replies":[{"embeddable":true,"href":"https:\/\/www.t-nieuwe-rierink.nl\/index.php?rest_route=%2Fwp%2Fv2%2Fcomments&post=177"}],"version-history":[{"count":3,"href":"https:\/\/www.t-nieuwe-rierink.nl\/index.php?rest_route=\/wp\/v2\/pages\/177\/revisions"}],"predecessor-version":[{"id":235,"href":"https:\/\/www.t-nieuwe-rierink.nl\/index.php?rest_route=\/wp\/v2\/pages\/177\/revisions\/235"}],"wp:attachment":[{"href":"https:\/\/www.t-nieuwe-rierink.nl\/index.php?rest_route=%2Fwp%2Fv2%2Fmedia&parent=177"}],"curies":[{"name":"wp","href":"https:\/\/api.w.org\/{rel}","templated":true}]}}